{"id":2216,"date":"2014-11-20T11:11:48","date_gmt":"2014-11-20T10:11:48","guid":{"rendered":"http:\/\/loswiebodzice.net\/webn\/?page_id=2216"},"modified":"2025-09-08T05:15:11","modified_gmt":"2025-09-08T03:15:11","slug":"terminarz-zebran-z-rodzicami","status":"publish","type":"page","link":"https:\/\/loswiebodzice.net\/webn\/?page_id=2216","title":{"rendered":"Terminarz zebra\u0144 z rodzicami"},"content":{"rendered":"<p style=\"text-align: center;\"><strong>Terminarz zebra\u0144 z rodzicami <\/strong><\/p>\n<p style=\"text-align: center;\"><strong>Terminarz spotka\u0144 z rodzicami klas I, II, III w roku szkolnym 2025\/2026<\/strong><\/p>\n<table width=\"755\">\n<tbody>\n<tr>\n<td width=\"85\"><strong>Termin<\/strong><\/td>\n<td width=\"671\"><strong>Temat<\/strong><\/td>\n<\/tr>\n<tr>\n<td width=\"85\"><strong>11.09.2025r<\/strong><\/td>\n<td width=\"671\">Spotkanie klasowe organizacyjne z wychowawc\u0105. Informacje w sprawie edukacji zdrowotnej.<\/p>\n<p>Wyb\u00f3r klasowej Rady Rodzic\u00f3w, zapoznanie rodzic\u00f3w ze Statutem Szko\u0142y, WZO (w tym warunkach i sposobie oraz kryteriach oceniania zachowania, warunkach i trybie otrzymania wy\u017cszej ni\u017c przewidywana rocznej oceny klasyfikacyjnej zachowania, wymaganiach edukacyjnych niezb\u0119dnych do otrzymania przez ucznia poszczeg\u00f3lnych \u015br\u00f3drocznych i rocznych ocen klasyfikacyjnych z zaj\u0119\u0107 edukacyjnych, wynikaj\u0105cych z realizowanych program\u00f3w nauczania, sposobach sprawdzania osi\u0105gni\u0119\u0107 edukacyjnych uczni\u00f3w, warunkach i trybie otrzymania wy\u017cszej ni\u017c przewidywana rocznej oceny klasyfikacyjnej z zaj\u0119\u0107 edukacyjnych), PZO, planem pracy wychowawcy, przedstawienie wynik\u00f3w diagnoz z poprzedniego roku szkolnego i wynik\u00f3w diagnoz na wej\u015bciu w klasach I, terminarzem zebra\u0144 rodzic\u00f3w, kalendarzem roku szkolnego.<\/td>\n<\/tr>\n<tr>\n<td width=\"85\"><strong>13.11.2025<\/strong><\/td>\n<td width=\"671\">Dzie\u0144 otwarty \u2013 indywidualne spotkania z nauczycielami<\/td>\n<\/tr>\n<tr>\n<td width=\"85\"><strong>11.12.2025 <\/strong><\/td>\n<td width=\"671\">Spotkanie klasowe z wychowawc\u0105. Poinformowanie rodzic\u00f3w uczni\u00f3w\u00a0o propozycjach ocen za I p\u00f3\u0142rocze oraz o zagro\u017ceniach ocenami niedostatecznymi, nagannymi lub nieodpowiednimi z zachowania. Konsultacje z nauczycielami.<\/td>\n<\/tr>\n<tr>\n<td width=\"85\"><strong>26.03.2026r.<\/strong><\/td>\n<td width=\"671\">Dzie\u0144 otwarty \u2013 indywidualne spotkania z nauczycielami<\/td>\n<\/tr>\n<tr>\n<td width=\"85\"><strong>28.05.2026r.<\/strong><\/p>\n<p>&nbsp;<\/td>\n<td width=\"671\">Spotkanie klasowe z wychowawc\u0105. Poinformowanie rodzic\u00f3w uczni\u00f3w o propozycjach ocen rocznych oraz o zagro\u017ceniach ocenami niedostatecznymi i ocen\u0105 nagann\u0105 lub nieodpowiedni\u0105 z zachowania na koniec roku szkolnego. Podsumowanie pracy wychowawczej za rok szkolny 2025\/2026.<\/td>\n<\/tr>\n<tr>\n<td colspan=\"2\" width=\"755\"><strong>Konsultacje indywidualne nauczycieli\u00a0 wg. harmonogramu.<\/strong><\/td>\n<\/tr>\n<\/tbody>\n<\/table>\n<p style=\"text-align: center;\"><strong>Terminarz spotka\u0144 z rodzicami klas IV w roku szkolnym 2025\/2026<\/strong><\/p>\n<table width=\"755\">\n<tbody>\n<tr>\n<td width=\"75\"><strong>Termin<\/strong><\/td>\n<td width=\"680\"><strong>Temat<\/strong><\/td>\n<\/tr>\n<tr>\n<td width=\"75\"><strong>11.09.2025r<\/strong><\/td>\n<td width=\"680\">Spotkanie klasowe organizacyjne z wychowawc\u0105.<\/p>\n<p>Wyb\u00f3r klasowej Rady Rodzic\u00f3w, zapoznanie rodzic\u00f3w ze Statutem Szko\u0142y, WZO (w tym warunkach i sposobie oraz kryteriach oceniania zachowania, warunkach i trybie otrzymania wy\u017cszej ni\u017c przewidywana rocznej oceny klasyfikacyjnej zachowania, wymaganiach edukacyjnych niezb\u0119dnych do otrzymania przez ucznia poszczeg\u00f3lnych \u015br\u00f3drocznych i rocznych ocen klasyfikacyjnych z zaj\u0119\u0107 edukacyjnych, wynikaj\u0105cych z realizowanych program\u00f3w nauczania, sposobach sprawdzania osi\u0105gni\u0119\u0107 edukacyjnych uczni\u00f3w, warunkach i trybie otrzymania wy\u017cszej ni\u017c przewidywana rocznej oceny klasyfikacyjnej z zaj\u0119\u0107 edukacyjnych), PZO, planem pracy wychowawcy, przedstawienie wynik\u00f3w diagnoz z poprzedniego roku szkolnego i wynik\u00f3w diagnoz na wej\u015bciu w klasach I, terminarzem zebra\u0144 rodzic\u00f3w, kalendarzem roku szkolnego.. <strong>Zapoznanie rodzic\u00f3w z procedurami maturalnymi, warunkami i formami dostosowa\u0144.<\/strong><\/td>\n<\/tr>\n<tr>\n<td width=\"75\"><strong>13.11.2025r.<\/strong><\/td>\n<td width=\"680\">Dzie\u0144 otwarty \u2013 indywidualne spotkania z nauczycielami<\/td>\n<\/tr>\n<tr>\n<td width=\"75\"><strong>11.12.2025r.<\/strong><\/td>\n<td width=\"680\">Spotkanie klasowe z wychowawc\u0105 Przedstawienie prognozy egzaminu maturalnego oraz informacja o wynikach egzaminu pr\u00f3bnego . Poinformowanie rodzic\u00f3w uczni\u00f3w o propozycjach ocen za I p\u00f3\u0142rocze oraz o zagro\u017ceniach ocenami niedostatecznymi, nagannymi lub nieodpowiednimi z zachowania.<\/td>\n<\/tr>\n<tr>\n<td width=\"75\"><strong>26.03.2026r.<\/strong><\/td>\n<td width=\"680\">Spotkanie klasowe poinformowanie rodzic\u00f3w uczni\u00f3w o propozycjach ocen rocznych oraz o zagro\u017ceniach ocenami niedostatecznymi i ocen\u0105 nagann\u0105 lub nieodpowiedni\u0105 zachowania, prognoza egzaminu maturalnego oraz wyniki egzaminu pr\u00f3bnego. Podsumowanie pracy wychowawczej za rok szkolny 2025\/2026.<\/p>\n<p><strong>Egzamin maturalny &#8211;\u00a0 przypomnienie procedur.<\/strong><\/td>\n<\/tr>\n<tr>\n<td colspan=\"2\" width=\"755\"><strong>Konsultacje indywidualne nauczycieli wg. harmonogramu<\/strong><\/td>\n<\/tr>\n<\/tbody>\n<\/table>\n<p style=\"text-align: center;\"><strong>Terminarz zebra\u0144 Rady Rodzic\u00f3w<\/strong> <strong>w roku szkolnym 2025\/2026<\/strong><\/p>\n<table width=\"747\">\n<tbody>\n<tr>\n<td width=\"75\"><strong>Termin<\/strong><\/td>\n<td width=\"672\"><strong>Temat<\/strong><\/td>\n<\/tr>\n<tr>\n<td width=\"75\"><strong>11.09.2025r <\/strong><\/td>\n<td width=\"672\">Wyb\u00f3r prezydium rady rodzic\u00f3w. Wyb\u00f3r ubezpieczyciela na rok szkolny 2025\/2026.<\/td>\n<\/tr>\n<tr>\n<td width=\"75\"><strong>23.09.2025r<\/strong><\/td>\n<td width=\"672\">Przyj\u0119cie rocznego programu wychowawczo-profilaktycznego, preliminarz wydatk\u00f3w i dochod\u00f3w Rady Rodzic\u00f3w<\/td>\n<\/tr>\n<tr>\n<td width=\"75\"><strong>11.12.2025r<\/strong><\/td>\n<td width=\"672\">\u00a0Podsumowanie pracy szko\u0142y za I p\u00f3\u0142rocze.<\/td>\n<\/tr>\n<tr>\n<td width=\"75\"><strong>24.06.2025r<\/strong><\/td>\n<td width=\"672\">Podsumowanie pracy Rady Rodzic\u00f3w za rok szkolny 2025\/2026.<\/td>\n<\/tr>\n<\/tbody>\n<\/table>\n<p style=\"text-align: center;\"><strong>Pedagogizacja Rodzic\u00f3w w roku szkolnym 2025\/2026<\/strong><\/p>\n<table width=\"698\">\n<tbody>\n<tr>\n<td width=\"134\"><strong>Termin<\/strong><\/td>\n<td width=\"564\"><strong>Temat<\/strong><\/td>\n<\/tr>\n<tr>\n<td width=\"134\"><strong>11.09.2025r <\/strong><\/td>\n<td width=\"564\">Spotkanie informacyjne z dyrektorem szko\u0142y<\/td>\n<\/tr>\n<tr>\n<td width=\"134\"><strong>11.09.2025r <\/strong><\/td>\n<td width=\"564\">Procedury maturalne &#8211; rodzice uczni\u00f3w klas IV.<\/td>\n<\/tr>\n<tr>\n<td width=\"134\"><strong>Do ustalenia <\/strong><\/td>\n<td width=\"564\">Szkolenie po rozpoznaniu potrzeb rodzic\u00f3w<\/td>\n<\/tr>\n<\/tbody>\n<\/table>\n<p>&nbsp;<\/p>\n<p style=\"text-align: center;\">\n","protected":false},"excerpt":{"rendered":"<p>Terminarz zebra\u0144 z rodzicami Terminarz spotka\u0144 z rodzicami klas I, II, III w roku szkolnym 2025\/2026 Termin Temat 11.09.2025r Spotkanie klasowe organizacyjne z wychowawc\u0105. Informacje w sprawie edukacji zdrowotnej. Wyb\u00f3r klasowej Rady Rodzic\u00f3w, zapoznanie&#46;&#46;&#46;<\/p>\n","protected":false},"author":1,"featured_media":0,"parent":0,"menu_order":0,"comment_status":"closed","ping_status":"closed","template":"","meta":{"footnotes":"","_links_to":"","_links_to_target":""},"class_list":["post-2216","page","type-page","status-publish","hentry"],"_links":{"self":[{"href":"https:\/\/loswiebodzice.net\/webn\/index.php?rest_route=\/wp\/v2\/pages\/2216","targetHints":{"allow":["GET"]}}],"collection":[{"href":"https:\/\/loswiebodzice.net\/webn\/index.php?rest_route=\/wp\/v2\/pages"}],"about":[{"href":"https:\/\/loswiebodzice.net\/webn\/index.php?rest_route=\/wp\/v2\/types\/page"}],"author":[{"embeddable":true,"href":"https:\/\/loswiebodzice.net\/webn\/index.php?rest_route=\/wp\/v2\/users\/1"}],"replies":[{"embeddable":true,"href":"https:\/\/loswiebodzice.net\/webn\/index.php?rest_route=%2Fwp%2Fv2%2Fcomments&post=2216"}],"version-history":[{"count":20,"href":"https:\/\/loswiebodzice.net\/webn\/index.php?rest_route=\/wp\/v2\/pages\/2216\/revisions"}],"predecessor-version":[{"id":13130,"href":"https:\/\/loswiebodzice.net\/webn\/index.php?rest_route=\/wp\/v2\/pages\/2216\/revisions\/13130"}],"wp:attachment":[{"href":"https:\/\/loswiebodzice.net\/webn\/index.php?rest_route=%2Fwp%2Fv2%2Fmedia&parent=2216"}],"curies":[{"name":"wp","href":"https:\/\/api.w.org\/{rel}","templated":true}]}}